{"id":274,"date":"2020-05-26T16:27:17","date_gmt":"2020-05-26T14:27:17","guid":{"rendered":"http:\/\/economie.vallee-des-baux-alpilles.fr\/?page_id=274"},"modified":"2021-10-07T12:29:18","modified_gmt":"2021-10-07T10:29:18","slug":"je-poursuis-mon-activite","status":"publish","type":"page","link":"https:\/\/economie.vallee-des-baux-alpilles.fr\/index.php\/je-poursuis-mon-activite\/","title":{"rendered":"BO\u00ceTE A OUTILS"},"content":{"rendered":"\n<p>La CCVBA s&rsquo;engage \u00e0 vos c\u00f4t\u00e9s aujourd&rsquo;hui et demain, pour mieux vous aider \u00e0 g\u00e9rer cette crise, consultez tous les documents dont vous avez besoins :<\/p>\n\n\n\n<p><strong><a rel=\"noreferrer noopener\" href=\"https:\/\/www.legifrance.gouv.fr\/jorf\/id\/JORFTEXT000043915443\" target=\"_blank\">D\u00c9CRET n\u00b02021-1059 du 7 aout 2021 <\/a><\/strong>modifiant le D\u00e9cret n\u00b02021-699 du 1er juin 2021 prescrivant les mesures g\u00e9n\u00e9rales n\u00e9cessaires \u00e0 la gestion de la sortie de crise sanitaire.<\/p>\n\n\n\n<p>L&rsquo;Obligation vaccinale et le Pass sanitaire<img decoding=\"async\" class=\"wp-image-1220\" style=\"width: NaNpx;\" src=\"http:\/\/economie.vallee-des-baux-alpilles.fr\/wp-content\/uploads\/2021\/10\/frise-pass-sanitaire.pdf\" alt=\"\"><\/p>\n\n\n\n<figure class=\"wp-block-image size-large\"><img decoding=\"async\" loading=\"lazy\" width=\"1024\" height=\"777\" src=\"http:\/\/economie.vallee-des-baux-alpilles.fr\/wp-content\/uploads\/2021\/10\/fiche-pass-sanitaire-1024x777.jpg\" alt=\"\" class=\"wp-image-1221\" srcset=\"https:\/\/economie.vallee-des-baux-alpilles.fr\/wp-content\/uploads\/2021\/10\/fiche-pass-sanitaire-1024x777.jpg 1024w, https:\/\/economie.vallee-des-baux-alpilles.fr\/wp-content\/uploads\/2021\/10\/fiche-pass-sanitaire-300x228.jpg 300w, https:\/\/economie.vallee-des-baux-alpilles.fr\/wp-content\/uploads\/2021\/10\/fiche-pass-sanitaire-768x583.jpg 768w, https:\/\/economie.vallee-des-baux-alpilles.fr\/wp-content\/uploads\/2021\/10\/fiche-pass-sanitaire.jpg 1085w\" sizes=\"(max-width: 1024px) 100vw, 1024px\" \/><\/figure>\n\n\n\n<p><\/p>\n\n\n\n<p>Pour plus d\u2019information consultez la <a href=\"https:\/\/www.gouvernement.fr\/sites\/default\/files\/document\/document\/2021\/08\/dossier_de_presse_-_pass_sanitaire_pour_rester_ensemble_face_au_virus_-_08.08.2021.pdf\" target=\"_blank\" rel=\"noreferrer noopener\">fiche sp\u00e9cifique<\/a>.<\/p>\n\n\n\n<p>Une <strong>question<\/strong> sur les mesures de protection \u00e0 observer au travail ? consultez les fiches par th\u00e8me du Minist\u00e8re :<\/p>\n\n\n\n<ul><li><a rel=\"noreferrer noopener\" href=\"https:\/\/travail-emploi.gouv.fr\/IMG\/pdf\/covid19_fiche-vaccination-pass-sanitaire-au-travail.pdf\" target=\"_blank\">Fiche employeur et sant\u00e9<\/a><\/li><li><a rel=\"noreferrer noopener\" href=\"https:\/\/travail-emploi.gouv.fr\/IMG\/pdf\/pass_sanitaire___consequence_sur_le_contrat_de_travail_pdf.pdf\" target=\"_blank\">Cons\u00e9quence sur le contrat de travail &#8211; Pass sanitaire en entreprise<\/a><\/li><\/ul>\n\n\n\n<p>Le <strong>protocole national<\/strong> pour assurer la sant\u00e9 et la securit\u00e9 des salari\u00e9s en entreprise est le document de reference pour les salari\u00e9s et les employeurs. Vous pouvez le consulter <a rel=\"noreferrer noopener\" href=\"https:\/\/travail-emploi.gouv.fr\/IMG\/pdf\/protocole-nationale-sante-securite-en-entreprise.pdf\" target=\"_blank\">ici<\/a>.<\/p>\n\n\n\n<p>Pour s\u00e9curiser la poursuite d&rsquo;activit\u00e9 des TPE-PME (moins de 250 salari\u00e9s). Vous souhaitez : <\/p>\n\n\n\n<ul><li>r\u00e9organiser l\u2019activit\u00e9 de votre entreprise ?<\/li><li>structurer la pr\u00e9vention en int\u00e9grant le risque \u00e9pid\u00e9mique ?<\/li><li>am\u00e9liorer les relations de travail ?<\/li><li>adapter les modes de management pour \u00eatre plus efficace collectivement ?<\/li><\/ul>\n\n\n\n<p>le dispositif \u00ab&nbsp;<strong><a href=\"https:\/\/cvip.sphinxonline.net\/surveyserver\/s\/anact\/FORMULAIRE_OR\/questionnaire.htm\" target=\"_blank\" rel=\"noreferrer noopener\">OBJECTIF REPRISE<\/a><\/strong> \u00bb du minist\u00e8re du Travail propose depuis le 19 mai 2020 des&nbsp;modalit\u00e9s gratuites de conseil et d\u2019appui en mati\u00e8re d&rsquo;organisation du travail, de RH et de pr\u00e9vention pour fiabiliser la reprise ou la continuit\u00e9 de l\u2019activit\u00e9. <\/p>\n\n\n\n<p><\/p>\n\n\n\n<p>Cherchez-vous une aide financi\u00e8re ou du soutient? Consultez notre <strong><a href=\"http:\/\/economie.vallee-des-baux-alpilles.fr\/index.php\/aides-directes-covid-19\/\" target=\"_blank\" rel=\"noreferrer noopener\">GUIDE <\/a><a rel=\"noreferrer noopener\" aria-label=\"GUIDE DES AIDES (s\u2019ouvre dans un nouvel onglet)\" href=\"http:\/\/economie.vallee-des-baux-alpilles.fr\/index.php\/accompagner\/\" target=\"_blank\">DES AIDES<\/a><\/strong><\/p>\n","protected":false},"excerpt":{"rendered":"<p>La CCVBA s&rsquo;engage \u00e0 vos c\u00f4t\u00e9s aujourd&rsquo;hui et demain, pour mieux vous aider \u00e0 g\u00e9rer cette crise, consultez tous les documents dont vous avez besoins : D\u00c9CRET n\u00b02021-1059 du 7 aout 2021 modifiant le D\u00e9cret n\u00b02021-699 du 1er juin 2021 prescrivant les mesures g\u00e9n\u00e9rales n\u00e9cessaires \u00e0 la gestion de la<a class=\"moretag\" href=\"https:\/\/economie.vallee-des-baux-alpilles.fr\/index.php\/je-poursuis-mon-activite\/\"> Lire la suite<\/a><\/p>\n","protected":false},"author":1,"featured_media":0,"parent":0,"menu_order":0,"comment_status":"closed","ping_status":"closed","template":"","meta":[],"_links":{"self":[{"href":"https:\/\/economie.vallee-des-baux-alpilles.fr\/index.php\/wp-json\/wp\/v2\/pages\/274"}],"collection":[{"href":"https:\/\/economie.vallee-des-baux-alpilles.fr\/index.php\/wp-json\/wp\/v2\/pages"}],"about":[{"href":"https:\/\/economie.vallee-des-baux-alpilles.fr\/index.php\/wp-json\/wp\/v2\/types\/page"}],"author":[{"embeddable":true,"href":"https:\/\/economie.vallee-des-baux-alpilles.fr\/index.php\/wp-json\/wp\/v2\/users\/1"}],"replies":[{"embeddable":true,"href":"https:\/\/economie.vallee-des-baux-alpilles.fr\/index.php\/wp-json\/wp\/v2\/comments?post=274"}],"version-history":[{"count":91,"href":"https:\/\/economie.vallee-des-baux-alpilles.fr\/index.php\/wp-json\/wp\/v2\/pages\/274\/revisions"}],"predecessor-version":[{"id":1236,"href":"https:\/\/economie.vallee-des-baux-alpilles.fr\/index.php\/wp-json\/wp\/v2\/pages\/274\/revisions\/1236"}],"wp:attachment":[{"href":"https:\/\/economie.vallee-des-baux-alpilles.fr\/index.php\/wp-json\/wp\/v2\/media?parent=274"}],"curies":[{"name":"wp","href":"https:\/\/api.w.org\/{rel}","templated":true}]}}