{"id":209,"date":"2020-05-26T13:45:33","date_gmt":"2020-05-26T11:45:33","guid":{"rendered":"http:\/\/economie.vallee-des-baux-alpilles.fr\/?page_id=209"},"modified":"2021-02-04T12:00:25","modified_gmt":"2021-02-04T11:00:25","slug":"accompagner","status":"publish","type":"page","link":"https:\/\/economie.vallee-des-baux-alpilles.fr\/index.php\/accompagner\/","title":{"rendered":"AIDES DIRECTES"},"content":{"rendered":"<ul><\/ul>\n<h4><span style=\"color: #ff0000;\"><strong data-rich-text-format-boundary=\"true\">FOND DE SOLIDARIT\u00c9<\/strong><\/span><\/h4>\n<ul>\n<li>B\u00c9N\u00c9FICIAIRES\n<ul>\n<li><strong>entreprises des secteurs de la culture et de l&rsquo;\u00e9v\u00e9nementiel <a href=\"https:\/\/www.economie.gouv.fr\/files\/files\/directions_services\/covid19-soutien-entreprises\/listes-S1-et-S1bis-1.pdf\" target=\"_blank\" rel=\"noopener noreferrer\">(S1bis)<\/a><\/strong><\/li>\n<\/ul>\n<\/li>\n<li>OBJET\n<ul>\n<li>si elles perdent au moins 70% du CA 2019<\/li>\n<li>quelle que soit la taille<\/li>\n<li>indemnisation mensuelle couvrant 20% de leur CA 2019, dans la limite de 200.000 \u20ac \u00e0 compter du mois de d\u00e9cembre 2020<\/li>\n<li>\n<hr><\/li>\n<li>si elles perdent au moins 50% du CA<\/li>\n<li>ont moins de 50 salari\u00e9s<\/li>\n<li>indemnisation jusqu&rsquo;\u00e0 10.000\u20ac dans la limite de 80% de la perte du CA 2019.<\/li>\n<\/ul>\n<\/li>\n<\/ul>\n<hr>\n<ul>\n<li>&nbsp;BENEFICIAIRES\n<ul>\n<li><strong>entreprises des secteurs du tourisme, evenementiel, culture et sport <a href=\"https:\/\/www.economie.gouv.fr\/files\/files\/directions_services\/covid19-soutien-entreprises\/listes-S1-et-S1bis-1.pdf\" target=\"_blank\" rel=\"noopener noreferrer\">(S1)<\/a><\/strong><\/li>\n<\/ul>\n<\/li>\n<li>OBJET\n<ul>\n<li>quelle que soit la taille<\/li>\n<li>perte d&rsquo;au moins 50% du CA<\/li>\n<li>indemnisation de 15% du CA 2019 dans la limite de 10 000\u20ac par mois<\/li>\n<li>\n<hr><\/li>\n<li>perte d&rsquo;au moins 70% du CA<\/li>\n<li>indemnisation de 20% du CA dans la limite de 200.000\u20ac par mois<\/li>\n<\/ul>\n<\/li>\n<\/ul>\n<hr>\n<ul>\n<li>BENEFICIAIRES\n<ul>\n<li>toute entreprise ouverte<\/li>\n<li>de moins de 50 salari\u00e9s<\/li>\n<li>avec une perte de Chiffre d&rsquo;affaires de plus de 50%<\/li>\n<\/ul>\n<\/li>\n<li>OBJET\n<ul>\n<li>indemnisation mensuelle jusqu&rsquo;\u00e0 1.500\u20ac<\/li>\n<\/ul>\n<\/li>\n<\/ul>\n<div class=\"field--name-field-contenu-libre\">\n<ul>\n<li style=\"list-style-type: none;\">\n<ul><\/ul>\n<\/li>\n<\/ul>\n<hr>\n<ul>\n<li>&nbsp;BENEFICIAIRES\n<ul>\n<li>entreprises faisant l&rsquo;objet d&rsquo;une interdiction d&rsquo;accueil du public<\/li>\n<li>de moins de 50 salari\u00e9s<\/li>\n<li>avec une perte de Chiffre d&rsquo;Affaires d&rsquo;au moins 50%<\/li>\n<\/ul>\n<\/li>\n<li>OBJET\n<ul>\n<li>indemnisation mensuelle jusqu&rsquo;\u00e0 10.000\u20ac<\/li>\n<li>ou<\/li>\n<li>indemnisation de 20% du CA 2019 dans la limite de 200 000\u20ac par mois<\/li>\n<\/ul>\n<\/li>\n<\/ul>\n<hr>\n<p>Les <strong>viticulteurs<\/strong> b\u00e9n\u00e9ficieront du fons de soldarit\u00e9<\/p>\n<hr>\n<p><strong>CALENDRIER DE VERSEMENT<\/strong><\/p>\n<p>Toute demande doit se faire sur le site <a href=\"https:\/\/www.impots.gouv.fr\/portail\/\" target=\"_blank\" rel=\"noopener noreferrer\">impots.gouv.fr<\/a><\/p>\n<p>Pour davantage de pr\u00e9cisions sur cette aide, <a href=\"http:\/\/economie.vallee-des-baux-alpilles.fr\/wp-content\/uploads\/2020\/11\/note-fond-de-solidarit\u00e9-covid.pdf\" target=\"_blank\" rel=\"noopener noreferrer\">regardez notre sch\u00e9ma<\/a>.<\/p>\n<\/div>\n<hr>\n<h4><span style=\"color: #ff0000;\">AIDE SUPPLEMENTAIRE au FSE<\/span><\/h4>\n<ul>\n<li>B\u00c9N\u00c9FICIAIRES\n<ul>\n<li><strong>entreprises des secteurs S1 et S1 bis<\/strong><\/li>\n<li>avec un CA mensuel sup\u00e9rieur \u00e0 1M\u20ac<\/li>\n<\/ul>\n<\/li>\n<li>OBJET\n<ul>\n<li>prise en charge jusqu&rsquo;\u00e0 70% des co\u00fbts fixes (aide plafonn\u00e9e \u00e0 3M\u20ac pour la p\u00e9riode de janvier \u00e0 juin 2021).<\/li>\n<\/ul>\n<\/li>\n<\/ul>\n<hr>\n<h4><span style=\"color: #ff0000;\"><strong data-rich-text-format-boundary=\"true\">DISPOSITIF DE CH\u00d4MAGE PARTIEL<\/strong><\/span><\/h4>\n<ul>\n<li>B\u00c9N\u00c9FICIAIRES\n<ul>\n<li>entreprises les plus touch\u00e9es relevant des secteurs dits \u00ab\u00a0prot\u00e9g\u00e9s\u00a0\u00bb <a href=\"https:\/\/www.legifrance.gouv.fr\/jorf\/id\/JORFTEXT000042056541?r=ejPWeIghCo\" target=\"_blank\" rel=\"noopener noreferrer\">(cf. annexes 1 et 2 du decret 29 juin 2020)<\/a><\/li>\n<\/ul>\n<\/li>\n<li>OBJET\n<ul>\n<li>l&rsquo;Etat prend en charge 60%&nbsp; de la remun\u00e9ration horaire brute dans la limite d&rsquo;un plafond de 4,5SMIC et d&rsquo;un plancher de 8,11\u20ac jusqu&rsquo;au 31 mars 2021.&nbsp;<\/li>\n<li>le salari\u00e9 touchera une indeminit\u00e9 correspondant au 84% du salaire net.<\/li>\n<\/ul>\n<\/li>\n<\/ul>\n<hr>\n<ul>\n<li>BENEFICIAIRES\n<ul>\n<li>entreprises ferm\u00e9es administrativement ou soumises \u00e0 restriction<\/li>\n<\/ul>\n<\/li>\n<li>OBJET\n<ul>\n<li>l&rsquo;Etat prend en charge 70% de la remun\u00e9ration horaire brute et au minimum 8,11\u20ac jusqu&rsquo;au 30 juin 2021.<\/li>\n<\/ul>\n<\/li>\n<\/ul>\n<hr>\n<ul><\/ul>\n<ul>\n<li>BENEFICIAIRES\n<ul>\n<li>entreprises tous secteurs confondus<\/li>\n<\/ul>\n<\/li>\n<li>OBJET\n<ul>\n<li>l&rsquo;Etat prend en charge 36% de la remun\u00e9ration horaire brute dans la limite de 4,5 fois le SMIC et avec un plancher fix\u00e9 \u00e0 7,30\u20ac<\/li>\n<\/ul>\n<\/li>\n<\/ul>\n<hr>\n<ul>\n<li>ORGANISMES : \u00c9tat\/DIRECCTE<\/li>\n<li>CONTACT :\n<ul>\n<li><a href=\"mailto:paca-ut13.activite-partielle@direccte.gouv.fr\">paca-ut13.activite-partielle@direccte.gouv.fr<\/a><\/li>\n<li>N\u00b0 vert 0800 705 800<\/li>\n<\/ul>\n<\/li>\n<\/ul>\n<hr>\n<h4><span style=\"color: #ff0000;\"><strong>EXON\u00c9RATION ET REPORT DES COTISATIONS SOCIALES<\/strong><\/span><\/h4>\n<ul>\n<li>B\u00c9N\u00c9FICIAIRES :\n<ul>\n<li>entreprises ferm\u00e9es administrativement<\/li>\n<li>ayant moins de 50 salari\u00e9s<\/li>\n<\/ul>\n<\/li>\n<li>OBJET :\n<ul>\n<li>exon\u00e9ration totale des cotisations sociales<\/li>\n<\/ul>\n<\/li>\n<\/ul>\n<hr>\n<ul>\n<li>B\u00c9N\u00c9FICIAIRES\n<ul>\n<li>entreprises du tourisme, de l&rsquo;\u00e9v\u00e9nementiel, de la culture et du sport restant ouvertes<\/li>\n<li>avec une perte de chiffre d&rsquo;affaires de 50%<\/li>\n<\/ul>\n<\/li>\n<li>OBJET\n<ul>\n<li>exon\u00e9ration des cotisations sociales patronales et salariales<\/li>\n<\/ul>\n<\/li>\n<\/ul>\n<hr>\n<ul>\n<li>B\u00c9N\u00c9FICIAIRES\n<ul>\n<li>travailleurs ind\u00e9pendants<\/li>\n<\/ul>\n<\/li>\n<li>&nbsp;OBJET\n<ul>\n<li>exon\u00e9ration des cotisations, suspension automatique des pr\u00e9l\u00e8vements<\/li>\n<\/ul>\n<\/li>\n<\/ul>\n<ul>\n<li>ORGANISMES : URSSAF<\/li>\n<li>CONTACT :\n<ul>\n<li>Un num\u00e9ro de t\u00e9l\u00e9phone 0&nbsp;806&nbsp;000&nbsp;245 (appel non surtax\u00e9)<\/li>\n<li><a href=\"https:\/\/www.urssaf.fr\/portail\/home.html\" title=\"\u00ab urssaf.fr \u00bb dans une nouvelle fen\u00eatre\" class=\"ext\" target=\"_blank\" rel=\"noopener noreferrer\">Assistant virtuel en ligne<\/a><\/li>\n<\/ul>\n<\/li>\n<\/ul>\n<hr>\n<h4><span><strong><span style=\"color: #ff0000;\">REPORT DES ECHEANCES FISCALES<\/span> <br><\/strong><\/span><\/h4>\n<ul>\n<li>B\u00c9N\u00c9FICIAIRES : Toute entreprise<\/li>\n<li>OBJET : Le Service Imp\u00f4ts pour les Entreprises (SIE) peut accorder aux entreprises qui rencontrent des difficult\u00e9s financi\u00e8res des d\u00e9lais de paiement pour s\u2019acquitter de leurs dettes fiscales et sociales en toute confidentialit\u00e9 (hors TVA et prelevement \u00e0 la source). Demandes \u00e9tudi\u00e9es au cas par cas.<\/li>\n<li>ORGANISME : \u00c9tat<\/li>\n<li>CONTACT :\n<ul>\n<li>SIE Tarascon : M Michel Dany <a href=\"mailto:sie.tarascon@dgfip.finances.gouv.fr\">sie.tarascon@dgfip.finances.gouv.fr<\/a><\/li>\n<\/ul>\n<\/li>\n<\/ul>\n<hr>\n<h4><span><strong><span style=\"color: #ff0000;\">REPORT DE LA TAXE FONCIERE<\/span> <br><\/strong><\/span><\/h4>\n<ul>\n<li>B\u00c9N\u00c9FICIAIRES : Toute entreprise<\/li>\n<li>OBJET : Le Service Imp\u00f4ts pour les Entreprises (SIE) peut accorder sur simple demande un report du paiement de 3 mois.<\/li>\n<li>ORGANISME : \u00c9tat<\/li>\n<li>CONTACT :\n<ul>\n<li>SIE Tarascon : M Michel Dany <a href=\"mailto:sie.tarascon@dgfip.finances.gouv.fr\">sie.tarascon@dgfip.finances.gouv.fr<\/a><\/li>\n<\/ul>\n<\/li>\n<\/ul>\n<hr>\n<h4><span><strong><span style=\"color: #ff0000;\">REMBOURSEMENT ACCELERE DES CREDITS D&rsquo;IMPOT SUR LES SOCIETES ET CREDITS DE TVA<\/span> <br><\/strong><\/span><\/h4>\n<ul>\n<li>B\u00c9N\u00c9FICIAIRES : Toute entreprise b\u00e9n\u00e9ficiaire d&rsquo;un ou plusieurs credits d&rsquo;imp\u00f4ts en 2020<\/li>\n<li>OBJET : Ce dispositif s&rsquo;applique pour tous les cr\u00e9dits d&rsquo;imp\u00f4t restituables en 2020, , dont le CICE et le CIR (pour la partie dont le remboursement arrive \u00e0 \u00e9ch\u00e9ance cette ann\u00e9e), et notamment ceux concernant certains secteurs en difficult\u00e9 comme :\n<ul>\n<li>le cr\u00e9dit d\u2019imp\u00f4t pour d\u00e9penses de production d\u2019\u0153uvres cin\u00e9matographiques<\/li>\n<li>le cr\u00e9dit d\u2019imp\u00f4t pour d\u00e9penses de production d\u2019\u0153uvres audiovisuelle<\/li>\n<li>le cr\u00e9dit d\u2019imp\u00f4t pour d\u00e9penses de production de films et d\u2019\u0153uvres audiovisuelles \u00e9trangers<\/li>\n<li>le cr\u00e9dit d\u2019imp\u00f4t en faveur des entreprises de spectacles vivants musicaux ou de vari\u00e9t\u00e9s<\/li>\n<li>le cr\u00e9dit d\u2019imp\u00f4t pour d\u00e9penses de production d\u2019\u0153uvres phonographique<\/li>\n<li>le cr\u00e9dit d\u2019imp\u00f4t en faveur des cr\u00e9ateurs de jeux vid\u00e9o.<\/li>\n<\/ul>\n<\/li>\n<li>ORGANISMES : ETAT<\/li>\n<li>CONTACT :\n<ul>\n<li>espace professionnel sur <a href=\"https:\/\/www.impots.gouv.fr\/portail\/\" title=\"\u00ab impots.gouv.fr \u00bb dans une nouvelle fen\u00eatre\" class=\"ext\" target=\"_blank\" rel=\"noopener noreferrer\">impots.gouv.fr<\/a><\/li>\n<\/ul>\n<\/li>\n<\/ul>\n<hr>\n<h4><span><strong><span style=\"color: #ff0000;\">REPORT DU PAIEMENT DES FACTURES<\/span> <span style=\"color: #ff0000;\">(eau, gaz, \u00e9lectricit\u00e9)<\/span><br><\/strong><\/span><\/h4>\n<ul>\n<li>B\u00c9N\u00c9FICIAIRES : Toute entreprise b\u00e9n\u00e9ficiant du Fond de Solidarit\u00e9<\/li>\n<li>OBJET : report du paiement des factures d&rsquo;eau, de gaz et d&rsquo;\u00e9lectricit\u00e9<\/li>\n<li>ORGANISME : fournisseur de service<\/li>\n<li>CONTACT :\n<ul>\n<li>fournisseur d&rsquo;eau, de gaz et d&rsquo;\u00e9lectricit\u00e9 par mail ou par t\u00e9l\u00e9phone<\/li>\n<\/ul>\n<\/li>\n<\/ul>\n<hr>\n<h4><span><strong><span style=\"color: #ff0000;\">AIDE AU PAIEMENT DES LOYERS<\/span><br><\/strong><\/span><\/h4>\n<ul>\n<li>B\u00c9N\u00c9FICIAIRES :\n<ul>\n<li>Entreprises de l&rsquo;h\u00f4tellerie, caf\u00e9, restauration ferm\u00e9es administrativement<\/li>\n<li>ayant moins de 250 salari\u00e9s<\/li>\n<\/ul>\n<\/li>\n<li>OBJET : annullation des loyer durant la p\u00e9riode de confinement. Concretement, tout bailleur qui sur les 3 mois d\u2019octobre, novembre et d\u00e9cembre 2020, accepte de renoncer \u00e0 au moins un mois de loyer, pourra b\u00e9n\u00e9ficier d\u2019un cr\u00e9dit d\u2019imp\u00f4t de <strong>30 %<\/strong> du montant des loyers abandonn\u00e9s.<\/li>\n<li>ORGANISME : Bailleurs<\/li>\n<li>CONTACT : Bailleurs<\/li>\n<\/ul>\n<hr>\n<h4><span style=\"color: #ff0000;\"><strong>EXTENSION DE L&rsquo;ALLOCATION SP\u00c9CIFIQUE DE SOLIDARIT\u00c9<\/strong><\/span><\/h4>\n<ul>\n<li>B\u00c9N\u00c9FICIAIRES : Cr\u00e9ateur d\u2019entreprises en fin de droit<\/li>\n<li>OBJET : Ouverte aux entrepreneurs ayant \u00e9puis\u00e9 leurs droits \u00e0 l\u2019allocation ch\u00f4mage (ARE) revenus &lt; 1.171,80\u20ac nets imposables (ou 1.841,40\u20ac en couple).<\/li>\n<li>ORGANISMES : P\u00f4le Emploi<\/li>\n<li>CONTACT : Un simple appel au 3995 ou sur les lignes directes entreprises suffit pour \u00eatre mis en contact avec un des conseillers entreprise\n<ul>\n<li>P\u00f4le emploi d\u2019Arles (Baux de Provence, Fontvieille, Mas Blanc des Alpilles, Maussane les Alpilles, Mouri\u00e8s, Paradou, Saint-Etienne du Gr\u00e8s) : <a href=\"mailto:recrutementarles@pole-emploi.net\">recrutementarles@pole-emploi.net<\/a> ou 0490184308<\/li>\n<li>P\u00f4le emploi de Ch\u00e2teaurenard (Eygali\u00e8res, Saint-R\u00e9my de Provence) : <a href=\"mailto:recrutementchateaurenard@pole-emploi.net\">recrutementchateaurenard@pole-emploi.net<\/a> ou 0490901850<\/li>\n<li>P\u00f4le emploi de Salon de Provence (Aureille) : <a href=\"mailto:recrutementsalondeprovence@pole-emploi.net\">recrutementsalondeprovence@pole-emploi.net<\/a> ou 0490568493<\/li>\n<\/ul>\n<\/li>\n<\/ul>\n\n\n<div class=\"is-layout-flex wp-block-buttons\">\n<div class=\"wp-block-button is-style-outline\"><a class=\"wp-block-button__link\" href=\"http:\/\/economie.vallee-des-baux-alpilles.fr\/index.php\/aides-directes-covid-19\/prets-et-avances-remboursables-covid-19\/\"><strong>Pr\u00eats et avances remboursables<\/strong><\/a><\/div>\n\n\n\n<div class=\"wp-block-button is-style-outline\"><a class=\"wp-block-button__link\" href=\"http:\/\/economie.vallee-des-baux-alpilles.fr\/index.php\/aides-directes-covid-19\/aides-planderelance\/\" target=\"_blank\" rel=\"noreferrer noopener\"><strong>Aides plan de relance<\/strong><\/a><\/div>\n\n\n\n<div class=\"wp-block-button is-style-outline\"><a class=\"wp-block-button__link\" href=\"http:\/\/economie.vallee-des-baux-alpilles.fr\/index.php\/accompagnement-et-soutien\/\"><strong>Accompagnement et soutien<\/strong><\/a><\/div>\n\n\n\n<div class=\"wp-block-button is-style-outline\"><a class=\"wp-block-button__link\" href=\"http:\/\/economie.vallee-des-baux-alpilles.fr\/index.php\/je-poursuis-mon-activite\/\"><strong>Bo\u00eete \u00e0 outils<\/strong><\/a><\/div>\n<\/div>\n\n\n\n<p><\/p>\n","protected":false},"excerpt":{"rendered":"<p>FOND DE SOLIDARIT\u00c9 B\u00c9N\u00c9FICIAIRES entreprises des secteurs de la culture et de l&rsquo;\u00e9v\u00e9nementiel (S1bis) OBJET si elles perdent au moins 70% du CA 2019 quelle que soit la taille indemnisation mensuelle couvrant 20% de leur CA 2019, dans la limite de 200.000 \u20ac \u00e0 compter du mois de d\u00e9cembre 2020<a class=\"moretag\" href=\"https:\/\/economie.vallee-des-baux-alpilles.fr\/index.php\/accompagner\/\"> Lire la suite<\/a><\/p>\n","protected":false},"author":1,"featured_media":0,"parent":0,"menu_order":0,"comment_status":"closed","ping_status":"closed","template":"","meta":[],"_links":{"self":[{"href":"https:\/\/economie.vallee-des-baux-alpilles.fr\/index.php\/wp-json\/wp\/v2\/pages\/209"}],"collection":[{"href":"https:\/\/economie.vallee-des-baux-alpilles.fr\/index.php\/wp-json\/wp\/v2\/pages"}],"about":[{"href":"https:\/\/economie.vallee-des-baux-alpilles.fr\/index.php\/wp-json\/wp\/v2\/types\/page"}],"author":[{"embeddable":true,"href":"https:\/\/economie.vallee-des-baux-alpilles.fr\/index.php\/wp-json\/wp\/v2\/users\/1"}],"replies":[{"embeddable":true,"href":"https:\/\/economie.vallee-des-baux-alpilles.fr\/index.php\/wp-json\/wp\/v2\/comments?post=209"}],"version-history":[{"count":93,"href":"https:\/\/economie.vallee-des-baux-alpilles.fr\/index.php\/wp-json\/wp\/v2\/pages\/209\/revisions"}],"predecessor-version":[{"id":1242,"href":"https:\/\/economie.vallee-des-baux-alpilles.fr\/index.php\/wp-json\/wp\/v2\/pages\/209\/revisions\/1242"}],"wp:attachment":[{"href":"https:\/\/economie.vallee-des-baux-alpilles.fr\/index.php\/wp-json\/wp\/v2\/media?parent=209"}],"curies":[{"name":"wp","href":"https:\/\/api.w.org\/{rel}","templated":true}]}}